{"id":992,"date":"2024-03-06T13:59:29","date_gmt":"2024-03-06T12:59:29","guid":{"rendered":"http:\/\/localhost\/?page_id=992"},"modified":"2024-03-17T11:38:40","modified_gmt":"2024-03-17T10:38:40","slug":"production-diffusion-artistique-dune-representation-theatrale","status":"publish","type":"page","link":"https:\/\/xn--amismusecrozatier-htb.fr\/index.php\/production-diffusion-artistique-dune-representation-theatrale\/","title":{"rendered":"Production &amp; diffusion artistique d\u2019une repr\u00e9sentation th\u00e9\u00e2trale."},"content":{"rendered":"\n<div class=\"wp-block-columns is-layout-flex wp-container-core-columns-is-layout-28f84493 wp-block-columns-is-layout-flex\">\n<div class=\"wp-block-column is-layout-flow wp-block-column-is-layout-flow\" style=\"flex-basis:33.33%\">\n<figure class=\"wp-block-image aligncenter size-full is-resized\"><img decoding=\"async\" width=\"400\" height=\"512\" src=\"https:\/\/xn--amismusecrozatier-htb.fr\/wp-content\/uploads\/2024\/03\/invitation-theatre-le-puy.png\" alt=\"\" class=\"wp-image-1750\" style=\"width:291px;height:auto\" srcset=\"https:\/\/xn--amismusecrozatier-htb.fr\/wp-content\/uploads\/2024\/03\/invitation-theatre-le-puy.png 400w, https:\/\/xn--amismusecrozatier-htb.fr\/wp-content\/uploads\/2024\/03\/invitation-theatre-le-puy-234x300.png 234w\" sizes=\"(max-width: 400px) 100vw, 400px\" \/><\/figure>\n<\/div>\n\n\n\n<div class=\"wp-block-column has-tablet-text-align-center has-mobile-text-align-center is-layout-flow wp-block-column-is-layout-flow\" style=\"flex-basis:66.66%\">\n<h1 class=\"wp-block-heading\">Production &amp; diffusion artistique d\u2019une repr\u00e9sentation th\u00e9\u00e2trale.\u2026 autour des collections du mus\u00e9e Crozatier.<\/h1>\n\n\n\n<h5 class=\"wp-block-heading\">Le projet :<\/h5>\n\n\n\n<p>Il se construit en co-production&nbsp;:<br>SAMC et&nbsp;<a href=\"http:\/\/compagnielenvolante.fr\/\" target=\"_blank\" rel=\"noreferrer noopener\">Compagnie l\u2019Envolante&nbsp;<\/a>du Monastier sur Gazeille, \u00e0 l\u2019occasion de la r\u00e9ouverture du mus\u00e9e Crozatier.<\/p>\n\n\n\n<h5 class=\"wp-block-heading\">Objectifs&nbsp;:<\/h5>\n\n\n\n<p>\u22b5 Inciter le jeune public des diff\u00e9rentes communes de la CAPEV et du d\u00e9partement \u00e0 la d\u00e9couverte des collections du mus\u00e9e et ainsi leur offrir des clefs d\u2019interpr\u00e9tation du patrimoine<br>\u22b5 Proposer une animation artistique originale en lien avec le mus\u00e9e Crozatier<br>\u22b5 Rendre accessible la d\u00e9couverte du patrimoine du Velay au plus grand nombre par la diffusion gratuite (pour 10 s\u00e9ances) de ce spectacle aupr\u00e8s des \u00e9coles, des jeunes \u00ab&nbsp;d\u00e9favoris\u00e9s&nbsp;\u00bb et au grand public pendant la saison touristique<br>\u22b5 Redonner vie \u00e0 un objet \u00ab&nbsp;phare&nbsp;\u00bb du mus\u00e9e et de la r\u00e9gion&nbsp;: le praxinoscope d\u2019Emile Reynaud<\/p>\n\n\n\n<h5 class=\"wp-block-heading\">Descriptif&nbsp;:<\/h5>\n\n\n\n<figure class=\"wp-block-image size-full is-resized\"><img decoding=\"async\" width=\"780\" height=\"498\" src=\"https:\/\/xn--amismusecrozatier-htb.fr\/wp-content\/uploads\/2024\/03\/Niurk2.jpg\" alt=\"\" class=\"wp-image-1752\" style=\"width:328px;height:auto\" srcset=\"https:\/\/xn--amismusecrozatier-htb.fr\/wp-content\/uploads\/2024\/03\/Niurk2.jpg 780w, https:\/\/xn--amismusecrozatier-htb.fr\/wp-content\/uploads\/2024\/03\/Niurk2-300x192.jpg 300w, https:\/\/xn--amismusecrozatier-htb.fr\/wp-content\/uploads\/2024\/03\/Niurk2-768x490.jpg 768w\" sizes=\"(max-width: 780px) 100vw, 780px\" \/><\/figure>\n\n\n\n<p>La Compagnie l\u2019Envolante propose une adaptation de l\u2019album jeunesse<strong>&nbsp;A la poursuite du Niurk-Niurk,<\/strong>&nbsp;co-\u00e9dit\u00e9 par la SAMC et l\u2019Atelier du Poisson Soluble en 2016, faisant r\u00e9f\u00e9rence aux oeuvres des diverses collections du mus\u00e9e Crozatier gr\u00e2ce \u00e0 un voyage dans le Temps. Cette adaptation se fera sous la forme d\u2019un spectacle m\u00ealant des temps narratifs, des dialogues, des sons et onomatop\u00e9es pour vivre l\u2019histoire.<br><br>Afin de mettre en exergue les faits de voyages au coeur de p\u00e9riodes historiques fortes et les passages d\u2019un univers \u00e0 l\u2019autre via des portes spacio-temporelles (Egypte ancienne \u2013 C\u00e9sar et les gladiateurs \u2013 Napol\u00e9on etc\u2026)propos\u00e9s par l\u2019album, la complicit\u00e9 d\u2019un musicien sera requise pour inviter les enfants \u00e0 entrer dans ces univers de mani\u00e8re \u00e9vidente.<br><br>\u27a4&nbsp;Le concept de cette cr\u00e9ation sera donc compos\u00e9 de trois \u00e9l\u00e9ments primordiaux :<br><br><strong>Le livre,<\/strong>&nbsp;qui met l\u2019objet et l\u2019histoire au centre du dispositif et de la mise en sc\u00e8ne, pourra \u00eatre lu \u00e0 voix haute et interpr\u00e9t\u00e9 par une com\u00e9dienne et un com\u00e9dien.<br><br>Fil rouge,&nbsp;<strong>le visuel,<\/strong>&nbsp;pourra susciter l\u2019imaginaire du public, faire d\u00e9couvrir et valoriser les richesses des illustrations. A cet effet, un praxinoscope \u00e0 projection, objet construit par l\u2019artiste-plasticien Nicolas Savoye, et rappelant l\u2019objet d\u2019Emile Reynaud (qui se trouve au Mus\u00e9e Crozatier), sera au coeur de la mise en sc\u00e8ne.<br><br>Clin d\u2019\u0153il au livre qui se documente et utilise des objets du mus\u00e9e, la compagnie souhaite mettre en ab\u00eeme cette id\u00e9e, et l\u2019utiliser \u00e0 son tour.<br><br>Enfin,&nbsp;<strong>le son<\/strong>&nbsp;et le bruitage, cach\u00e9s au cin\u00e9ma, seront ici visibles, pleinement int\u00e9gr\u00e9s au spectacle et appuieront chaque ambiance et partie de l\u2019album gr\u00e2ce\u00e0 leurs compositions.<br><br>L\u2019id\u00e9e du son et du bruitage est d\u2019ajouter une dimension sonore \u00e0 la lecture autre que la voix seule et les illustrations. Le bruitage comme une plong\u00e9e dans l\u2019univers sonore du livre, pour \u00e9tonner, distraire et permettre d\u2019entendre les histoires autrement. La mise en sons sera trait\u00e9e avec des objets et instruments choisis, qui traversent les \u00e9poques, et des sonorit\u00e9s parfois r\u00e9alistes, d\u2019autres fois d\u00e9cal\u00e9es selon les n\u00e9cessit\u00e9s.<br><br>Une connivence entre la lecture, le th\u00e9\u00e2tre et le cin\u00e9ma, une cl\u00e9 suppl\u00e9mentaire pour percevoir l\u2019univers de l\u2019album et l\u2019univers mus\u00e9al.<\/p>\n\n\n\n<figure class=\"wp-block-image size-large is-resized\"><img decoding=\"async\" width=\"1024\" height=\"680\" src=\"https:\/\/xn--amismusecrozatier-htb.fr\/wp-content\/uploads\/2024\/03\/V2-1024x680.png\" alt=\"\" class=\"wp-image-1754\" style=\"width:362px;height:auto\" srcset=\"https:\/\/xn--amismusecrozatier-htb.fr\/wp-content\/uploads\/2024\/03\/V2-1024x680.png 1024w, https:\/\/xn--amismusecrozatier-htb.fr\/wp-content\/uploads\/2024\/03\/V2-300x199.png 300w, https:\/\/xn--amismusecrozatier-htb.fr\/wp-content\/uploads\/2024\/03\/V2-768x510.png 768w, https:\/\/xn--amismusecrozatier-htb.fr\/wp-content\/uploads\/2024\/03\/V2.png 1200w\" sizes=\"(max-width: 1024px) 100vw, 1024px\" \/><\/figure>\n\n\n\n<h5 class=\"wp-block-heading\">D\u00e9roulement&nbsp;:<\/h5>\n\n\n\n<p>Une \u00e9quipe de 7 personnes&nbsp;de la r\u00e9gion : 2 com\u00e9diens, 1 metteur en sc\u00e8ne, 1 musicien, 2 techniciens et 1 artiste plasticien cr\u00e9eront le spectacle.<br><br><strong>R\u00e9sidences d\u2019artistes&nbsp;:<\/strong><br>5 semaines de cr\u00e9ation seront \u00e0 pr\u00e9voir d\u2019avril 2018 \u00e0 l\u2019automne 2019 dans diff\u00e9rents lieux de l\u2019agglom\u00e9ration&nbsp;: Vorey et Le Puy en Velay avec la Compagnie l\u2019Envolante. Au cours de ces r\u00e9sidences, les enfants des \u00e9coles et la population locale seront invit\u00e9s \u00e0 des moments d\u2019\u00e9change avec les artistes. La derni\u00e8re r\u00e9sidence se fera au Centre Pierre Cardinal du Puy en Velay.<br><br><strong>Diffusion du spectacle&nbsp;:<\/strong><br>Il sera propos\u00e9 aux \u00e9coles du d\u00e9partement, aux associations caritatives et au grand public pendant la p\u00e9riode touristique. La SAMC s\u2019est engag\u00e9e aupr\u00e8s de la compagnie l\u2019Envolante \u00e0 acheter 10 s\u00e9ances pour diff\u00e9rentes communes de la communaut\u00e9 d\u2019agglom\u00e9ration. 4 de ces s\u00e9ances seront subventionn\u00e9es par des municipalit\u00e9s partenaires financi\u00e8res&nbsp;: Le Monastier \u2013 St Julien Chapteuil \u2013 Brives Charensac \u2013 Craponne sur Arzon.<\/p>\n\n\n\n<figure class=\"wp-block-image size-full is-resized\"><img decoding=\"async\" width=\"780\" height=\"404\" src=\"https:\/\/xn--amismusecrozatier-htb.fr\/wp-content\/uploads\/2024\/03\/Niurk3-1.jpg\" alt=\"\" class=\"wp-image-1755\" style=\"width:382px;height:auto\" srcset=\"https:\/\/xn--amismusecrozatier-htb.fr\/wp-content\/uploads\/2024\/03\/Niurk3-1.jpg 780w, https:\/\/xn--amismusecrozatier-htb.fr\/wp-content\/uploads\/2024\/03\/Niurk3-1-300x155.jpg 300w, https:\/\/xn--amismusecrozatier-htb.fr\/wp-content\/uploads\/2024\/03\/Niurk3-1-768x398.jpg 768w\" sizes=\"(max-width: 780px) 100vw, 780px\" \/><\/figure>\n\n\n\n<h5 class=\"wp-block-heading\">Retomb\u00e9es attendues&nbsp;:<\/h5>\n\n\n\n<p>Attrait pour le mus\u00e9e nouvellement ouvert, d\u00e9couverte et mise en valeur du patrimoine du territoire aupr\u00e8s d\u2019un public \u00e9largi par l\u2019interm\u00e9diaire de&nbsp;:<br>\u2981 R\u00e9seaux sociaux<br>\u2981 R\u00e9seau SAMC ( + 500 adh\u00e9rents, 1 millier de contacts)<br>\u2981 R\u00e9seau Soci\u00e9t\u00e9 Acad\u00e9mique<br>\u2981 R\u00e9seau Association Emile Reynaud<br>\u2981 Education Nationale (d\u00e9j\u00e0 contact\u00e9e et int\u00e9ress\u00e9e par le projet)<br>\u2981 F\u00e9d\u00e9ration Fran\u00e7aise des Amis de Mus\u00e9es \u00e0 laquelle la SAMC est affili\u00e9e<br>\u2981 Presse \u00e9crite et audio-visuelle de la R\u00e9gion AURA.<br><br>Site internet :&nbsp;<a href=\"http:\/\/compagnielenvolante.fr\/\" target=\"_blank\" rel=\"noreferrer noopener\">Compagnie l\u2019Envolante<\/a><\/p>\n<\/div>\n<\/div>\n","protected":false},"excerpt":{"rendered":"<p>Production &amp; diffusion artistique d\u2019une repr\u00e9sentation th\u00e9\u00e2trale.\u2026 autour des collections du mus\u00e9e Crozatier. Le projet : Il se construit en co-production&nbsp;:SAMC et&nbsp;Compagnie l\u2019Envolante&nbsp;du Monastier sur Gazeille, \u00e0 l\u2019occasion de la r\u00e9ouverture du mus\u00e9e Crozatier. Objectifs&nbsp;: \u22b5 Inciter le jeune public des diff\u00e9rentes communes de la CAPEV et du d\u00e9partement \u00e0 la d\u00e9couverte des collections du [&hellip;]<\/p>\n","protected":false},"author":1,"featured_media":0,"parent":0,"menu_order":0,"comment_status":"closed","ping_status":"closed","template":"","meta":{"qubely_global_settings":"","qubely_interactions":"","_editorskit_title_hidden":false,"_editorskit_reading_time":0,"_editorskit_is_block_options_detached":false,"_editorskit_block_options_position":"{}","footnotes":""},"folder":[21],"class_list":["post-992","page","type-page","status-publish","hentry"],"blocksy_meta":[],"_links":{"self":[{"href":"https:\/\/xn--amismusecrozatier-htb.fr\/index.php\/wp-json\/wp\/v2\/pages\/992","targetHints":{"allow":["GET"]}}],"collection":[{"href":"https:\/\/xn--amismusecrozatier-htb.fr\/index.php\/wp-json\/wp\/v2\/pages"}],"about":[{"href":"https:\/\/xn--amismusecrozatier-htb.fr\/index.php\/wp-json\/wp\/v2\/types\/page"}],"author":[{"embeddable":true,"href":"https:\/\/xn--amismusecrozatier-htb.fr\/index.php\/wp-json\/wp\/v2\/users\/1"}],"replies":[{"embeddable":true,"href":"https:\/\/xn--amismusecrozatier-htb.fr\/index.php\/wp-json\/wp\/v2\/comments?post=992"}],"version-history":[{"count":4,"href":"https:\/\/xn--amismusecrozatier-htb.fr\/index.php\/wp-json\/wp\/v2\/pages\/992\/revisions"}],"predecessor-version":[{"id":2034,"href":"https:\/\/xn--amismusecrozatier-htb.fr\/index.php\/wp-json\/wp\/v2\/pages\/992\/revisions\/2034"}],"wp:attachment":[{"href":"https:\/\/xn--amismusecrozatier-htb.fr\/index.php\/wp-json\/wp\/v2\/media?parent=992"}],"wp:term":[{"taxonomy":"folder","embeddable":true,"href":"https:\/\/xn--amismusecrozatier-htb.fr\/index.php\/wp-json\/wp\/v2\/folder?post=992"}],"curies":[{"name":"wp","href":"https:\/\/api.w.org\/{rel}","templated":true}]}}